{"id":822,"date":"2023-04-11T16:22:12","date_gmt":"2023-04-11T14:22:12","guid":{"rendered":"https:\/\/teicee-wp6.dev.teicee.fr\/?page_id=822"},"modified":"2026-02-10T10:37:32","modified_gmt":"2026-02-10T09:37:32","slug":"emploi","status":"publish","type":"page","link":"https:\/\/www.teicee.com\/en\/emploi\/","title":{"rendered":"Jobs \/ Internships"},"content":{"rendered":"<h2 class=\"wp-block-heading\">D\u00e9veloppeur Frontend &amp; Mobile exp\u00e9riment\u00e9 (f\u00e9vrier 2026)<\/h2>\n\n\n\n<div class=\"wp-block-group has-global-padding is-layout-constrained wp-block-group-is-layout-constrained\">\n<div class=\"wp-block-columns is-layout-flex wp-container-core-columns-is-layout-28f84493 wp-block-columns-is-layout-flex\">\n<div class=\"wp-block-column is-layout-flow wp-block-column-is-layout-flow\" style=\"flex-basis:100%\">\n<details class=\"wp-block-details is-layout-flow wp-block-details-is-layout-flow\"><summary>acc\u00e9der \u00e0 l&rsquo;offre d&#8217;emploi au format PDF<\/summary>\n<div data-wp-interactive=\"core\/file\" class=\"wp-block-file\"><object data-wp-bind--hidden=\"!state.hasPdfPreview\" hidden class=\"wp-block-file__embed\" data=\"https:\/\/www.teicee.com\/wp-content\/uploads\/2026\/02\/dev-front-mobile.pdf\" type=\"application\/pdf\" style=\"width:100%;height:600px\" aria-label=\"Embed of Offre d&apos;emploi d\u00e9veloppeur Frontend &amp; Mobile exp\u00e9riment\u00e9.\"><\/object><a id=\"wp-block-file--media-e3ddf29a-e8d2-4cc3-af08-20f7104541e0\" href=\"https:\/\/www.teicee.com\/wp-content\/uploads\/2026\/02\/dev-front-mobile.pdf\">Offre d&#8217;emploi d\u00e9veloppeur Frontend &#038; Mobile exp\u00e9riment\u00e9<\/a><a href=\"https:\/\/www.teicee.com\/wp-content\/uploads\/2026\/02\/dev-front-mobile.pdf\" class=\"wp-block-file__button wp-element-button\" download aria-describedby=\"wp-block-file--media-e3ddf29a-e8d2-4cc3-af08-20f7104541e0\">T\u00e9l\u00e9charger<\/a><\/div>\n<\/details>\n<\/div>\n<\/div>\n<\/div>\n\n\n\n<p>t\u00e9\u00efc\u00e9e recherche un <strong>d\u00e9veloppeur Front &amp; Mobile exp\u00e9riment\u00e9<\/strong> pour renforcer son \u00e9quipe de d\u00e9veloppement sur des projets Web et mobiles.<\/p>\n\n\n\n<p>Vous interviendrez sur l\u2019ensemble du cycle de vie des applications : conception, architecture, d\u00e9veloppement et am\u00e9lioration continue, en collaboration \u00e9troite avec le chef de projet, l\u2019\u00e9quipe UX\/UI et les autres d\u00e9veloppeurs.<\/p>\n\n\n\n<p>Votre exp\u00e9rience viendra enrichir l&rsquo;\u00e9quipe en mati\u00e8re de conception et d&rsquo;architecture logicielle et vous contribuerez directement aux choix techniques et \u00e0 la structuration des projets.<\/p>\n\n\n\n<p>Selon les besoins, vous serez amen\u00e9 \u00e0 travailler sur:<\/p>\n\n\n\n<ul class=\"wp-block-list\">\n<li>le d\u00e9veloppement Front Web, avec des frameworks JavaScript modernes (Vue.Js, React, &#8230;)<\/li>\n\n\n\n<li>le d\u00e9veloppement d&rsquo;applications multi-plateformes (Electron)<\/li>\n\n\n\n<li>le d\u00e9veloppement mobile (Flutter, Jetpack Compose, &#8230;)<\/li>\n<\/ul>\n\n\n\n<p>Vous \u00e9voluerez dans un environnement GNU\/Linux et serez accompagn\u00e9 dans la prise en main de l\u2019\u00e9cosyst\u00e8me de l\u2019entreprise et des outils internes :<\/p>\n\n\n\n<ul class=\"wp-block-list\">\n<li>Git \/ GitLab<\/li>\n\n\n\n<li>Docker<\/li>\n\n\n\n<li>IDE JetBrains<\/li>\n<\/ul>\n\n\n\n<p>Attach\u00e9s aux valeurs du logiciel libre, nous privil\u00e9gions les solutions Open Source et encourageons activement la contribution aux projets communautaires. Selon vos app\u00e9tences, vous aurez l\u2019opportunit\u00e9 de participer \u00e0 ces projets, dans une logique de partage, de mont\u00e9e en comp\u00e9tences et d\u2019am\u00e9lioration continue.<\/p>\n\n\n\n<h2 class=\"wp-block-heading\">Emploi<\/h2>\n\n\n\n<p>Vous souhaitez postuler ?<\/p>\n\n\n\n<p>Envoyez vos CV et lettre de motivation \u00e0 l&rsquo;adresse <a href=\"mailto:emploi@teicee.com\">emploi@teicee.com<\/a>. Toutes nos offres d&#8217;emploi sont annonc\u00e9es sur le site. Vous pouvez \u00e9galement, si vous d\u00e9sirez, faire acte de candidature spontan\u00e9e. Nous sommes tr\u00e8s attach\u00e9s \u00e0 des valeurs simples telles que le professionnalisme, l&rsquo;engagement ou l&rsquo;autonomie. Votre capacit\u00e9 \u00e0 travailler en \u00e9quipe sera un atout essentiel pour votre int\u00e9gration.<\/p>\n\n\n\n<h2 class=\"wp-block-heading\">Stage<\/h2>\n\n\n\n<p>Un stage est un engagement fort entre une entreprise, une structure de formation et un ou une stagiaire. En tant qu&rsquo;entreprise, nous \u00e9tudierons avec attention toute candidature. Nous vous demandons de nous faire parvenir une <strong>lettre de recommandation de votre responsable de formation<\/strong>, les coordonn\u00e9es de votre responsable de stage (s&rsquo;il est d\u00e9j\u00e0 identifi\u00e9) un curriculum vitae et une lettre de motivation \u00e0 l&rsquo;adresse <a href=\"mailto:stages@teicee.com\">stages@teicee.com<\/a>. Vous prendrez soin dans votre lettre de motivation \u00e0 d\u00e9crire votre projet professionnel et le stage \u00ab\u00a0id\u00e9al\u00a0\u00bb pour vous, toutes nos offres de stage n&rsquo;\u00e9tant pas publi\u00e9es. Nous retenons des stagiaires \u00e0 partir de Bac+3 (plus rarement \u00e0 Bac+2). Nous ne pouvons pas r\u00e9pondre \u00e0 toutes les demandes qui nous sont formul\u00e9es. Si vous n&rsquo;avez pas de r\u00e9ponse dans les trois semaines qui suivent votre envoi consid\u00e9rez que notre r\u00e9ponse est n\u00e9gative.<\/p>","protected":false},"excerpt":{"rendered":"<p>D\u00e9veloppeur Frontend &amp; Mobile exp\u00e9riment\u00e9 (f\u00e9vrier 2026) t\u00e9\u00efc\u00e9e recherche un d\u00e9veloppeur Front &amp; Mobile exp\u00e9riment\u00e9 pour renforcer son \u00e9quipe de d\u00e9veloppement sur des projets Web et mobiles. Vous interviendrez sur l\u2019ensemble du cycle de vie des applications : conception, architecture, d\u00e9veloppement et am\u00e9lioration continue, en collaboration \u00e9troite avec le chef de projet, l\u2019\u00e9quipe UX\/UI et [&hellip;]<\/p>\n","protected":false},"author":1,"featured_media":0,"parent":0,"menu_order":0,"comment_status":"closed","ping_status":"closed","template":"","meta":{"_acf_changed":false,"_uag_custom_page_level_css":"","footnotes":""},"class_list":["post-822","page","type-page","status-publish","hentry"],"acf":[],"yoast_head":"<!-- This site is optimized with the Yoast SEO plugin v27.5 - https:\/\/yoast.com\/product\/yoast-seo-wordpress\/ -->\n<title>Emploi \/ Stage - t\u00e9\u00efc\u00e9e<\/title>\n<meta name=\"robots\" content=\"index, follow, max-snippet:-1, max-image-preview:large, max-video-preview:-1\" \/>\n<link rel=\"canonical\" href=\"https:\/\/www.teicee.com\/en\/emploi\/\" \/>\n<meta property=\"og:locale\" content=\"en_GB\" \/>\n<meta property=\"og:type\" content=\"article\" \/>\n<meta property=\"og:title\" content=\"Emploi \/ Stage - t\u00e9\u00efc\u00e9e\" \/>\n<meta property=\"og:description\" content=\"D\u00e9veloppeur Frontend &amp; Mobile exp\u00e9riment\u00e9 (f\u00e9vrier 2026) t\u00e9\u00efc\u00e9e recherche un d\u00e9veloppeur Front &amp; Mobile exp\u00e9riment\u00e9 pour renforcer son \u00e9quipe de d\u00e9veloppement sur des projets Web et mobiles. Vous interviendrez sur l\u2019ensemble du cycle de vie des applications : conception, architecture, d\u00e9veloppement et am\u00e9lioration continue, en collaboration \u00e9troite avec le chef de projet, l\u2019\u00e9quipe UX\/UI et [&hellip;]\" \/>\n<meta property=\"og:url\" content=\"https:\/\/www.teicee.com\/en\/emploi\/\" \/>\n<meta property=\"og:site_name\" content=\"t\u00e9\u00efc\u00e9e\" \/>\n<meta property=\"article:publisher\" content=\"https:\/\/www.facebook.com\/teicee\" \/>\n<meta property=\"article:modified_time\" content=\"2026-02-10T09:37:32+00:00\" \/>\n<meta name=\"twitter:card\" content=\"summary_large_image\" \/>\n<meta name=\"twitter:label1\" content=\"Estimated reading time\" \/>\n\t<meta name=\"twitter:data1\" content=\"3 minutes\" \/>\n<script type=\"application\/ld+json\" class=\"yoast-schema-graph\">{\"@context\":\"https:\\\/\\\/schema.org\",\"@graph\":[{\"@type\":\"WebPage\",\"@id\":\"https:\\\/\\\/www.teicee.com\\\/emploi\\\/\",\"url\":\"https:\\\/\\\/www.teicee.com\\\/emploi\\\/\",\"name\":\"Emploi \\\/ Stage - t\u00e9\u00efc\u00e9e\",\"isPartOf\":{\"@id\":\"https:\\\/\\\/www.teicee.com\\\/#website\"},\"datePublished\":\"2023-04-11T14:22:12+00:00\",\"dateModified\":\"2026-02-10T09:37:32+00:00\",\"breadcrumb\":{\"@id\":\"https:\\\/\\\/www.teicee.com\\\/emploi\\\/#breadcrumb\"},\"inLanguage\":\"en-GB\",\"potentialAction\":[{\"@type\":\"ReadAction\",\"target\":[\"https:\\\/\\\/www.teicee.com\\\/emploi\\\/\"]}]},{\"@type\":\"BreadcrumbList\",\"@id\":\"https:\\\/\\\/www.teicee.com\\\/emploi\\\/#breadcrumb\",\"itemListElement\":[{\"@type\":\"ListItem\",\"position\":1,\"name\":\"Accueil\",\"item\":\"https:\\\/\\\/www.teicee.com\\\/\"},{\"@type\":\"ListItem\",\"position\":2,\"name\":\"Emploi \\\/ Stage\"}]},{\"@type\":\"WebSite\",\"@id\":\"https:\\\/\\\/www.teicee.com\\\/#website\",\"url\":\"https:\\\/\\\/www.teicee.com\\\/\",\"name\":\"t\u00e9\u00efc\u00e9e\",\"description\":\"La raison de votre confiance\",\"publisher\":{\"@id\":\"https:\\\/\\\/www.teicee.com\\\/#organization\"},\"potentialAction\":[{\"@type\":\"SearchAction\",\"target\":{\"@type\":\"EntryPoint\",\"urlTemplate\":\"https:\\\/\\\/www.teicee.com\\\/?s={search_term_string}\"},\"query-input\":{\"@type\":\"PropertyValueSpecification\",\"valueRequired\":true,\"valueName\":\"search_term_string\"}}],\"inLanguage\":\"en-GB\"},{\"@type\":\"Organization\",\"@id\":\"https:\\\/\\\/www.teicee.com\\\/#organization\",\"name\":\"t\u00e9\u00efc\u00e9e\",\"url\":\"https:\\\/\\\/www.teicee.com\\\/\",\"logo\":{\"@type\":\"ImageObject\",\"inLanguage\":\"en-GB\",\"@id\":\"https:\\\/\\\/www.teicee.com\\\/#\\\/schema\\\/logo\\\/image\\\/\",\"url\":\"https:\\\/\\\/www.teicee.com\\\/wp-content\\\/uploads\\\/2023\\\/02\\\/teicee-300dpi-scaled.jpg\",\"contentUrl\":\"https:\\\/\\\/www.teicee.com\\\/wp-content\\\/uploads\\\/2023\\\/02\\\/teicee-300dpi-scaled.jpg\",\"width\":2560,\"height\":1163,\"caption\":\"t\u00e9\u00efc\u00e9e\"},\"image\":{\"@id\":\"https:\\\/\\\/www.teicee.com\\\/#\\\/schema\\\/logo\\\/image\\\/\"},\"sameAs\":[\"https:\\\/\\\/www.facebook.com\\\/teicee\",\"https:\\\/\\\/www.linkedin.com\\\/company\\\/t-c-e\\\/\",\"https:\\\/\\\/www.instagram.com\\\/teicee_fr\\\/\"]}]}<\/script>\n<!-- \/ Yoast SEO plugin. -->","yoast_head_json":{"title":"Emploi \/ Stage - t\u00e9\u00efc\u00e9e","robots":{"index":"index","follow":"follow","max-snippet":"max-snippet:-1","max-image-preview":"max-image-preview:large","max-video-preview":"max-video-preview:-1"},"canonical":"https:\/\/www.teicee.com\/en\/emploi\/","og_locale":"en_GB","og_type":"article","og_title":"Emploi \/ Stage - t\u00e9\u00efc\u00e9e","og_description":"D\u00e9veloppeur Frontend &amp; Mobile exp\u00e9riment\u00e9 (f\u00e9vrier 2026) t\u00e9\u00efc\u00e9e recherche un d\u00e9veloppeur Front &amp; Mobile exp\u00e9riment\u00e9 pour renforcer son \u00e9quipe de d\u00e9veloppement sur des projets Web et mobiles. Vous interviendrez sur l\u2019ensemble du cycle de vie des applications : conception, architecture, d\u00e9veloppement et am\u00e9lioration continue, en collaboration \u00e9troite avec le chef de projet, l\u2019\u00e9quipe UX\/UI et [&hellip;]","og_url":"https:\/\/www.teicee.com\/en\/emploi\/","og_site_name":"t\u00e9\u00efc\u00e9e","article_publisher":"https:\/\/www.facebook.com\/teicee","article_modified_time":"2026-02-10T09:37:32+00:00","twitter_card":"summary_large_image","twitter_misc":{"Estimated reading time":"3 minutes"},"schema":{"@context":"https:\/\/schema.org","@graph":[{"@type":"WebPage","@id":"https:\/\/www.teicee.com\/emploi\/","url":"https:\/\/www.teicee.com\/emploi\/","name":"Emploi \/ Stage - t\u00e9\u00efc\u00e9e","isPartOf":{"@id":"https:\/\/www.teicee.com\/#website"},"datePublished":"2023-04-11T14:22:12+00:00","dateModified":"2026-02-10T09:37:32+00:00","breadcrumb":{"@id":"https:\/\/www.teicee.com\/emploi\/#breadcrumb"},"inLanguage":"en-GB","potentialAction":[{"@type":"ReadAction","target":["https:\/\/www.teicee.com\/emploi\/"]}]},{"@type":"BreadcrumbList","@id":"https:\/\/www.teicee.com\/emploi\/#breadcrumb","itemListElement":[{"@type":"ListItem","position":1,"name":"Accueil","item":"https:\/\/www.teicee.com\/"},{"@type":"ListItem","position":2,"name":"Emploi \/ Stage"}]},{"@type":"WebSite","@id":"https:\/\/www.teicee.com\/#website","url":"https:\/\/www.teicee.com\/","name":"t\u00e9\u00efc\u00e9e","description":"La raison de votre confiance","publisher":{"@id":"https:\/\/www.teicee.com\/#organization"},"potentialAction":[{"@type":"SearchAction","target":{"@type":"EntryPoint","urlTemplate":"https:\/\/www.teicee.com\/?s={search_term_string}"},"query-input":{"@type":"PropertyValueSpecification","valueRequired":true,"valueName":"search_term_string"}}],"inLanguage":"en-GB"},{"@type":"Organization","@id":"https:\/\/www.teicee.com\/#organization","name":"t\u00e9\u00efc\u00e9e","url":"https:\/\/www.teicee.com\/","logo":{"@type":"ImageObject","inLanguage":"en-GB","@id":"https:\/\/www.teicee.com\/#\/schema\/logo\/image\/","url":"https:\/\/www.teicee.com\/wp-content\/uploads\/2023\/02\/teicee-300dpi-scaled.jpg","contentUrl":"https:\/\/www.teicee.com\/wp-content\/uploads\/2023\/02\/teicee-300dpi-scaled.jpg","width":2560,"height":1163,"caption":"t\u00e9\u00efc\u00e9e"},"image":{"@id":"https:\/\/www.teicee.com\/#\/schema\/logo\/image\/"},"sameAs":["https:\/\/www.facebook.com\/teicee","https:\/\/www.linkedin.com\/company\/t-c-e\/","https:\/\/www.instagram.com\/teicee_fr\/"]}]}},"uagb_featured_image_src":{"full":false,"thumbnail":false,"medium":false,"medium_large":false,"large":false,"1536x1536":false,"2048x2048":false,"trp-custom-language-flag":false},"uagb_author_info":{"display_name":"teicee","author_link":"https:\/\/www.teicee.com\/en\/author\/teicee\/"},"uagb_comment_info":0,"uagb_excerpt":"D\u00e9veloppeur Frontend &amp; Mobile exp\u00e9riment\u00e9 (f\u00e9vrier 2026) t\u00e9\u00efc\u00e9e recherche un d\u00e9veloppeur Front &amp; Mobile exp\u00e9riment\u00e9 pour renforcer son \u00e9quipe de d\u00e9veloppement sur des projets Web et mobiles. Vous interviendrez sur l\u2019ensemble du cycle de vie des applications : conception, architecture, d\u00e9veloppement et am\u00e9lioration continue, en collaboration \u00e9troite avec le chef de projet, l\u2019\u00e9quipe UX\/UI et&hellip;","_links":{"self":[{"href":"https:\/\/www.teicee.com\/en\/wp-json\/wp\/v2\/pages\/822","targetHints":{"allow":["GET"]}}],"collection":[{"href":"https:\/\/www.teicee.com\/en\/wp-json\/wp\/v2\/pages"}],"about":[{"href":"https:\/\/www.teicee.com\/en\/wp-json\/wp\/v2\/types\/page"}],"author":[{"embeddable":true,"href":"https:\/\/www.teicee.com\/en\/wp-json\/wp\/v2\/users\/1"}],"replies":[{"embeddable":true,"href":"https:\/\/www.teicee.com\/en\/wp-json\/wp\/v2\/comments?post=822"}],"version-history":[{"count":14,"href":"https:\/\/www.teicee.com\/en\/wp-json\/wp\/v2\/pages\/822\/revisions"}],"predecessor-version":[{"id":2793,"href":"https:\/\/www.teicee.com\/en\/wp-json\/wp\/v2\/pages\/822\/revisions\/2793"}],"wp:attachment":[{"href":"https:\/\/www.teicee.com\/en\/wp-json\/wp\/v2\/media?parent=822"}],"curies":[{"name":"wp","href":"https:\/\/api.w.org\/{rel}","templated":true}]}}